{"id":6072,"date":"2021-11-20T16:13:21","date_gmt":"2021-11-20T15:13:21","guid":{"rendered":"https:\/\/www.looketmedecine.com\/?page_id=6072"},"modified":"2021-11-20T16:32:54","modified_gmt":"2021-11-20T15:32:54","slug":"lm-2-tout-ce-que-vous-voulez-savoir-m-verschoore-md-beaute-de-la-peau-et-soins-au-masculin","status":"publish","type":"page","link":"https:\/\/looketmedecine.fr\/en\/lm-2-tout-ce-que-vous-voulez-savoir-m-verschoore-md-beaute-de-la-peau-et-soins-au-masculin\/","title":{"rendered":"LM 2. ALL YOU NEED TO KNOW: M.VERSCHOORE MD, SKIN CARE AND BEAUTY FOR MEN"},"content":{"rendered":"\t\t<div data-elementor-type=\"wp-page\" data-elementor-id=\"6072\" class=\"elementor elementor-6072\" data-elementor-post-type=\"page\">\n\t\t\t\t\t\t<section class=\"elementor-section elementor-top-section elementor-element elementor-element-2990151 elementor-section-boxed elementor-section-height-default elementor-section-height-default\" data-id=\"2990151\" data-element_type=\"section\" data-e-type=\"section\">\n\t\t\t\t\t\t<div class=\"elementor-container elementor-column-gap-default\">\n\t\t\t\t\t<div class=\"elementor-column elementor-col-100 elementor-top-column elementor-element elementor-element-7261d48\" data-id=\"7261d48\" data-element_type=\"column\" data-e-type=\"column\">\n\t\t\t<div class=\"elementor-widget-wrap elementor-element-populated\">\n\t\t\t\t\t\t<div class=\"elementor-element elementor-element-6bb1566 elementor-widget elementor-widget-text-editor\" data-id=\"6bb1566\" data-element_type=\"widget\" data-e-type=\"widget\" data-widget_type=\"text-editor.default\">\n\t\t\t\t<div class=\"elementor-widget-container\">\n\t\t\t\t\t\t\t\t\t<h3 style=\"text-align: center;\"><strong>BEAUT\u00c9 DE LA PEAU ET SOINS AU MASCULIN.<\/strong><\/h3><h5 style=\"text-align: center;\"><strong>\u00a0 \u00a0 \u00a0 \u00a0 \u00a0 \u00a0 \u00a0 \u00a0 \u00a0 \u00a0 \u00a0 \u00a0<\/strong><strong>\u00a0DR MICH\u00c8LE VERSCHOORE, MARINE VIALLANEIX.\u00a0 \u00a0 \u00a0 \u00a0 \u00a0 \u00a0 \u00a0 \u00a0 \u00a0 \u00a0 \u00a0 \u00a0 \u00a0 \u00a0 \u00a0 \u00a0<\/strong><\/h5><h5 style=\"text-align: center;\"><strong>Directeur M\u00e9dical, Recherche et Innovation <\/strong><strong>L\u2019Or\u00e9al\u00a0<\/strong><\/h5>\t\t\t\t\t\t\t\t<\/div>\n\t\t\t\t<\/div>\n\t\t\t\t<div class=\"elementor-element elementor-element-ac9f5b2 elementor-widget elementor-widget-image\" data-id=\"ac9f5b2\" data-element_type=\"widget\" data-e-type=\"widget\" data-widget_type=\"image.default\">\n\t\t\t\t<div class=\"elementor-widget-container\">\n\t\t\t\t\t\t\t\t\t\t\t\t\t\t\t<img decoding=\"async\" width=\"150\" height=\"150\" src=\"https:\/\/looketmedecine.fr\/wp-content\/uploads\/2020\/10\/Photo-MVerschoore-1-150x150.jpg\" class=\"attachment-thumbnail size-thumbnail wp-image-4513\" alt=\"Dr Mich\u00e8le Verschoore\" \/>\t\t\t\t\t\t\t\t\t\t\t\t\t\t\t<\/div>\n\t\t\t\t<\/div>\n\t\t\t\t\t<\/div>\n\t\t<\/div>\n\t\t\t\t\t<\/div>\n\t\t<\/section>\n\t\t\t\t<section class=\"elementor-section elementor-top-section elementor-element elementor-element-7f6ae6a elementor-section-boxed elementor-section-height-default elementor-section-height-default\" data-id=\"7f6ae6a\" data-element_type=\"section\" data-e-type=\"section\">\n\t\t\t\t\t\t<div class=\"elementor-container elementor-column-gap-default\">\n\t\t\t\t\t<div class=\"elementor-column elementor-col-100 elementor-top-column elementor-element elementor-element-bae876d\" data-id=\"bae876d\" data-element_type=\"column\" data-e-type=\"column\">\n\t\t\t<div class=\"elementor-widget-wrap elementor-element-populated\">\n\t\t\t\t\t\t<div class=\"elementor-element elementor-element-088c579 elementor-widget elementor-widget-text-editor\" data-id=\"088c579\" data-element_type=\"widget\" data-e-type=\"widget\" data-widget_type=\"text-editor.default\">\n\t\t\t\t<div class=\"elementor-widget-container\">\n\t\t\t\t\t\t\t\t\t<h3><span style=\"color: #ff0000;\"><strong>SOMMAIRE <\/strong><\/span><\/h3><p><span style=\"color: #0000ff;\"><strong>Les soins de peau chez l\u2019homme \u00e0 travers les si\u00e8cles <\/strong><\/span><\/p><ul><li><strong>La beaut\u00e9 des hommes \u00e0 ses origines<\/strong><\/li><li><strong>Des standards variables selon les cultures<\/strong><\/li><\/ul><p><span style=\"color: #0000ff;\"><strong>La peau de l\u2019homme est-elle diff\u00e9rente\u00a0? <\/strong><\/span><\/p><ul><li><strong>La peau<\/strong><\/li><li><strong>Les poils, les cheveux<\/strong><\/li><\/ul><p><span style=\"color: #0000ff;\"><strong>Je suis un homme et je prends soin de mon visage<\/strong><\/span><\/p><ul><li><strong>Quel est mon type de peau\u00a0?<\/strong><\/li><li><strong>J\u2019adapte ma routine de soin en fonction de ma peau<\/strong><\/li><li><strong>Je lutte contre les signes de l\u2019\u00e2ge<\/strong><ul><li><strong>Les types de vieillissement et les ph\u00e9nom\u00e8nes impliqu\u00e9s<\/strong><\/li><li><strong>Que faire pour att\u00e9nuer ces signes\u00a0? Et qu\u2019utiliser\u00a0?<\/strong><ul><li><strong>Les actifs cosm\u00e9tiques efficaces<\/strong><\/li><li><strong>Les autres proc\u00e9dures<\/strong><\/li><\/ul><\/li><\/ul><\/li><li><strong>Je me prot\u00e8ge du soleil<\/strong><ul><li><strong>Le soleil et ses effets<\/strong><\/li><li><strong>Les cons\u00e9quences n\u00e9fastes de l\u2019exposition au soleil<\/strong><\/li><li><strong>La photoprotection<\/strong><\/li><\/ul><\/li><\/ul>\t\t\t\t\t\t\t\t<\/div>\n\t\t\t\t<\/div>\n\t\t\t\t\t<\/div>\n\t\t<\/div>\n\t\t\t\t\t<\/div>\n\t\t<\/section>\n\t\t\t\t<section class=\"elementor-section elementor-top-section elementor-element elementor-element-ce77d60 elementor-section-boxed elementor-section-height-default elementor-section-height-default\" data-id=\"ce77d60\" data-element_type=\"section\" data-e-type=\"section\">\n\t\t\t\t\t\t<div class=\"elementor-container elementor-column-gap-default\">\n\t\t\t\t\t<div class=\"elementor-column elementor-col-100 elementor-top-column elementor-element elementor-element-9e472b3\" data-id=\"9e472b3\" data-element_type=\"column\" data-e-type=\"column\">\n\t\t\t<div class=\"elementor-widget-wrap elementor-element-populated\">\n\t\t\t\t\t\t<div class=\"elementor-element elementor-element-c6d4252 elementor-widget elementor-widget-text-editor\" data-id=\"c6d4252\" data-element_type=\"widget\" data-e-type=\"widget\" data-widget_type=\"text-editor.default\">\n\t\t\t\t<div class=\"elementor-widget-container\">\n\t\t\t\t\t\t\t\t\t<h3>\u00a0<\/h3><h3><span style=\"color: #ff0000;\"><strong>Les soins de peau chez l\u2019homme \u00e0 travers les si\u00e8cles <\/strong><\/span><\/h3><p><strong>Depuis toujours, la beaut\u00e9 fait partie int\u00e9grante des relations hommes et femmes.<\/strong><\/p><p><strong>Ceux-ci consacrent de l\u2019\u00e9nergie et des moyens \u00e0 l\u2019entretien d\u2019une belle apparence de leur visage, de leurs corps et de leurs cheveux pour des raisons qui ont vari\u00e9 au cours des si\u00e8cles.<\/strong><\/p><p><strong>L\u2019homme des cavernes par exemple se v\u00eatait de peaux de b\u00eates, d\u2019ornements cutan\u00e9s pour s\u00e9duire des femmes mais aussi montrer son appartenance \u00e0 un certain groupe.<\/strong><\/p><p><strong>Les \u00c9gyptiens eux se maquillaient, se coiffaient et prenaient soin de leur corps d\u2019une fa\u00e7on tr\u00e8s pouss\u00e9e car l\u2019am\u00e9lioration de leur apparence physique relevait d\u2019un sens spirituel et sacr\u00e9.<\/strong><\/p><p><strong>Dans l\u2019antiquit\u00e9 Grecque, les hommes prenaient aussi beaucoup soin de leur corps et de leur sant\u00e9, car leur apparence corporelle et leurs qualit\u00e9s intellectuelles \u00e9taient fortement li\u00e9es.<\/strong><\/p><p><strong>Plus tard, d\u2019autres peuples, notamment lors de l\u2019Empire romain ou la Chine Antique ont \u00e9galement accord\u00e9 une grande importance \u00e0 leur apparence, car dans leur cas, avoir un corps sculpt\u00e9 et purifi\u00e9 \u00e9tait une repr\u00e9sentation de leurs capacit\u00e9s au combat.<\/strong><\/p><p><strong>Cependant, \u00e0 partir du XVI <sup>\u00e8me<\/sup> si\u00e8cle, les civilisations latines rejettent ces habitudes \u00e0 prendre soin de son corps sous la pression de l\u2019\u00c9glise pour en contrepartie, favoriser l\u2019\u00e9l\u00e9vation de l\u2019esprit.<\/strong><\/p><p><strong>Ces soins du corps sont alors consid\u00e9r\u00e9s comme uniquement f\u00e9minins et deviennent pour certains hommes un sujet tabou.<\/strong><\/p><p><strong>Ce n\u2019est qu\u2019au XIX <sup>\u00e8me<\/sup> si\u00e8cle que la tendance s\u2019inverse de nouveau, les hommes commencent \u00e0 se teindre les cheveux, \u00e0 prendre soin de leur barbe et \u00e0 affirmer leur corps.<\/strong><\/p><p><strong>\u00c0 la fin du XX<sup>\u00e8me<\/sup> si\u00e8cle, la beaut\u00e9 du corps est alors totalement d\u00e9mocratis\u00e9e, et celle-ci rejoint la sant\u00e9, concernant toutes les classes de la soci\u00e9t\u00e9.<\/strong><\/p><p><strong>Aujourd\u2019hui, l\u2019acc\u00e8s aux soins de sant\u00e9 et de beaut\u00e9 pour les hommes est aussi important que pour les femmes, ceux-ci prennent soin ouvertement de leur corps, de leur peau et de leurs cheveux. <\/strong><\/p><h5><strong>Une virilit\u00e9 moderne d\u00e9complex\u00e9e s\u2019est cr\u00e9\u00e9e et les hommes n\u2019h\u00e9sitent plus \u00e0 utiliser des cosm\u00e9tiques et effectuer des interventions esth\u00e9tiques pour embellir leur apparence.<\/strong><\/h5><p>\u00a0<\/p><h3><span style=\"color: #ff0000;\"><strong>Des standards variables selon les cultures <\/strong><\/span><\/h3><p>En 2021, la beaut\u00e9 des hommes est enti\u00e8rement d\u00e9mocratis\u00e9e mais les crit\u00e8res de beaut\u00e9 sont tr\u00e8s diff\u00e9rents en fonction des pays et zones g\u00e9ographiques. Dans certains pays d\u2019Asie comme la Cor\u00e9e du Sud, le Japon ou la Chine, le march\u00e9 des cosm\u00e9tiques pour hommes est tr\u00e8s d\u00e9velopp\u00e9, il est courant pour eux d\u2019acheter des produits de soin ou m\u00eame de maquillage.<\/p><p>Les europ\u00e9ens n\u2019ont pas encore atteint ce niveau mais tendent vers celui-ci, notamment gr\u00e2ce \u00e0 la communication digitale. Il est possible d\u2019affirmer aujourd\u2019hui que nous assistons \u00e0 un mouvement affirm\u00e9 vers une approche mondialis\u00e9e de la beaut\u00e9 masculine.<\/p><h5><strong>Cet article a donc pour objectif d\u2019informer les hommes de leurs probl\u00e9matiques sp\u00e9cifiques, d\u2019accroitre leurs connaissances concernant leur peau et enfin de les guider dans le choix de soins cosm\u00e9tiques adapt\u00e9s.<\/strong><\/h5>\t\t\t\t\t\t\t\t<\/div>\n\t\t\t\t<\/div>\n\t\t\t\t\t<\/div>\n\t\t<\/div>\n\t\t\t\t\t<\/div>\n\t\t<\/section>\n\t\t\t\t<section class=\"elementor-section elementor-top-section elementor-element elementor-element-3cc457f elementor-section-boxed elementor-section-height-default elementor-section-height-default\" data-id=\"3cc457f\" data-element_type=\"section\" data-e-type=\"section\">\n\t\t\t\t\t\t<div class=\"elementor-container elementor-column-gap-default\">\n\t\t\t\t\t<div class=\"elementor-column elementor-col-100 elementor-top-column elementor-element elementor-element-bf661c4\" data-id=\"bf661c4\" data-element_type=\"column\" data-e-type=\"column\">\n\t\t\t<div class=\"elementor-widget-wrap elementor-element-populated\">\n\t\t\t\t\t\t<div class=\"elementor-element elementor-element-dc37843 elementor-widget elementor-widget-text-editor\" data-id=\"dc37843\" data-element_type=\"widget\" data-e-type=\"widget\" data-widget_type=\"text-editor.default\">\n\t\t\t\t<div class=\"elementor-widget-container\">\n\t\t\t\t\t\t\t\t\t<h3>\u00a0<\/h3><h3><span style=\"color: #ff0000;\"><strong>Pourquoi des soins sp\u00e9cifiques pour les hommes\u00a0? <\/strong><\/span><\/h3><p><strong>La peau masculine, si elle pr\u00e9sente de nombreuses caract\u00e9ristiques communes avec la peau des femmes, n\u2019en a pas moins des signes cliniques qui lui sont propres et qui n\u00e9cessitent des soins diff\u00e9renci\u00e9s. Ces diff\u00e9rences sont dues au patrimoine g\u00e9n\u00e9tique mais aussi \u00e0 tous les facteurs environnementaux que subit l\u2019organisme, soit l\u2019exposome, il a notamment \u00e9t\u00e9 prouv\u00e9 que celui-ci a un impact important sur le vieillissement cutan\u00e9<a href=\"#_ftn1\" name=\"_ftnref1\">[1]<\/a>. \u00a0<\/strong><\/p><p><strong>La peau est l\u2019organe le plus grand du corps humain, c\u2019est un organe tr\u00e8s complexe mais tr\u00e8s important car il constitue la premi\u00e8re barri\u00e8re s\u00e9parant l\u2019organisme du milieu ext\u00e9rieur, le prot\u00e9geant ainsi d\u2019un grand nombre d\u2019agressions ext\u00e9rieures comme la pollution, les rayons Ultraviolets etc. Celle-ci est compos\u00e9e de trois couches distinctes\u00a0; l\u2019\u00e9piderme, le derme et l\u2019hypoderme.<\/strong><\/p><p><strong>Plusieurs aspects de la peau diff\u00e8rent en fonction du sexe de l\u2019individu, la peau des hommes est physiologiquement diff\u00e9rente de celle des femmes et cela est d\u00fb en grande partie aux hormones sexuelles de la famille des st\u00e9ro\u00efdes, principalement de la testost\u00e9rone.<\/strong><\/p><p>La premi\u00e8re diff\u00e9rence que l\u2019on retrouve entre la peau de l\u2019homme et de la femme est l\u2019<strong>\u00e9paisseur<\/strong>, la peau masculine est plus \u00e9paisse, elle mesure en moyenne 1,54 mm pour 1,36mm chez la femme<a href=\"#_ftn2\" name=\"_ftnref2\">[2]<\/a>.<\/p><p>\u00a0<\/p><p>Les couches de la peau n\u2019ont \u00e9galement pas la m\u00eame \u00e9paisseur, l\u2019<strong>\u00e9piderme<\/strong> de l\u2019homme, sans compter <em>le stratum corneum<\/em> qui est la couche la plus superficielle est plus \u00e9pais d\u2019environ 10% de plus que chez la femme, cependant, avec l\u2019\u00e2ge cela s\u2019\u00e9quilibre, entre 20 et 30 ans, il mesure environ 63 \u00b5m pour atteindre 34 \u00b5m entre 70 et 80 ans alors que chez la femme, il varie de 49 \u00b5m \u00e0 33 \u00b5m<a href=\"#_ftn3\" name=\"_ftnref3\">[3]<\/a>.<\/p><p>\u00a0<\/p><p>La <strong>m\u00e9lanine<\/strong>, qui est synth\u00e9tis\u00e9e par les m\u00e9lanocytes dans le stratum basal sous deux formes en fonction du patrimoine g\u00e9n\u00e9tique\u00a0; l\u2019eum\u00e9lanine (brun-fonc\u00e9) et la phaeom\u00e9lanine (rouge-jaune) peut \u00eatre plus ou moins fonc\u00e9e en fonction du sexe de l\u2019individu. En effet, il a \u00e9t\u00e9 prouv\u00e9 que la quantit\u00e9 de m\u00e9lanine est plus \u00e9lev\u00e9e chez l\u2019homme ainsi que leur vascularisation<a href=\"#_ftn4\" name=\"_ftnref4\">[4]<\/a>.<\/p><p>\u00a0<\/p><p>Les <strong>d\u00e9fenses cutan\u00e9es<\/strong> ne sont pas identiques entre les hommes et les femmes, en effet, ceux-ci sont ont une densit\u00e9 des cellules desquamantes et des k\u00e9ratinosomes plus faible, ce qui signifie que l\u2019\u00e9paisseur des couches lamellaires du ciment lipidique est moindre chez les hommes<a href=\"#_ftn5\" name=\"_ftnref5\">[5]<\/a>.<\/p><p>La fonction barri\u00e8re assur\u00e9e par la pr\u00e9sence du <em>stratum corneum<\/em> de la peau masculine est moins protectrice du fait de sa plus fine \u00e9paisseur de ciment lipidique qui contient par cons\u00e9quent moins d\u2019eau que chez la femme<a href=\"#_ftn6\" name=\"_ftnref6\">[6]<\/a>. La <strong>perte insensible en eau (PIE)<\/strong> est ainsi plus importante chez l\u2019homme.<\/p><p>\u00a0<\/p><p>La <strong>jonction dermo-\u00e9pidermique<\/strong> (JDE) qui est la zone assurant la coh\u00e9sion entre l\u2019\u00e9piderme et le derme est plus \u00e9paisse au niveau de la <em>lamina densa <\/em>chez l\u2019homme que chez la femme<a href=\"#_ftn7\" name=\"_ftnref7\">[7]<\/a>. Ce qui est influe sur la r\u00e9sistance de la peau aux effets de l\u2019\u00e2ge.<\/p><p>\u00a0<\/p><p>Le derme masculin est \u00e9galement plus \u00e9pais que le derme f\u00e9minin, de plus, sa densit\u00e9 en <strong>collag\u00e8ne<\/strong> est plus \u00e9lev\u00e9e<a href=\"#_ftn8\" name=\"_ftnref8\">[8]<\/a>, ce qui permet de prot\u00e9ger la peau des signes de l\u2019\u00e2ge, mais aussi du stress m\u00e9canique sur certaines zones comme le front<a href=\"#_ftn9\" name=\"_ftnref9\">[9]<\/a>.<\/p><p>\u00a0<\/p><p>Du fait de la configuration oblique et non perpendiculaire comme chez la femme des <em>septa<\/em>, fibres de collag\u00e8ne enserrant les globules graisseux, le tissu adipeux sous-cutan\u00e9 de l\u2019homme est moins \u00e9pais, ce qui signifie qu\u2019il n\u2019est globalement pas sujet \u00e0 la formation de <strong>cellulite<\/strong><a href=\"#_ftn10\" name=\"_ftnref10\">[10]<\/a>.<\/p><p>La <strong>transpiration<\/strong> est un autre point qui diff\u00e8re entre les deux sexes, les glandes apocrines sont moins nombreuses chez les hommes mais ils transpirent globalement plus que les femmes, notamment entre 15 et 50 ans<a href=\"#_ftn11\" name=\"_ftnref11\">[11]<\/a>. Leur sueur est aussi plus odorante et plus acide du fait de la pr\u00e9sence plus importante d\u2019acide lactique dans la sueur masculine<a href=\"#_ftn12\" name=\"_ftnref12\">[12]<\/a>.<\/p><p>\u00a0<\/p><p>Les androg\u00e8nes sont essentiels \u00e0 l\u2019activit\u00e9 des <strong>glandes s\u00e9bac\u00e9es<\/strong>, elles sont pr\u00e9sentes en grande quantit\u00e9 dans la peau masculine et sont plus nombreuses et volumineuses dans certaines zones dont le visage, le cuir chevelu ou les organes g\u00e9nitaux<a href=\"#_ftn13\" name=\"_ftnref13\">[13]<\/a>. La peau des hommes a un taux de s\u00e9bum plus \u00e9lev\u00e9 et ce, d\u00e8s la pubert\u00e9, elle est aussi globalement plus grasse avec des pores plus visibles<a href=\"#_ftn14\" name=\"_ftnref14\">[14]<\/a>.<\/p><p><a href=\"#_ftnref1\" name=\"_ftn1\">[1]<\/a> Buend\u00eda-Eisman A, Prieto L, Abarquero M, Arias-Santiago S. Study of the Exposome Ageing-related Factors in the Spanish Population. Acta Derm Venereol. 2020 May 28;100(10): adv00153.<\/p><p><a href=\"#_ftnref2\" name=\"_ftn2\">[2]<\/a> Lasagni C, Seidenari S. Echographic assessment of age-dependent variations of skin thickness: A study on 162 subjects. Skin Res Technol. 1995 May;1(2):81-5.\u00a0<\/p><p><a href=\"#_ftnref3\" name=\"_ftn3\">[3]<\/a> Cohen-Letessier A., Bombal C., \u00ab\u00a0Dermocosm\u00e9tologie de l&rsquo;homme. Cosm\u00e9tologie et dermatologie esth\u00e9tique\u00a0\u00bb, art. cit. \u2013 Goursac C. de, <em>L\u2019Esth\u00e9tique au masculin, op. cit.<\/em><\/p><p><a href=\"#_ftnref4\" name=\"_ftn4\">[4]<\/a> Cohen-Letessier A., Bombal C., \u00ab\u00a0Dermocosm\u00e9tologie de l&rsquo;homme. Cosm\u00e9tologie et dermatologie esth\u00e9tique\u00a0\u00bb, art. cit. \u2013 Giacomoni P.U., Mammonea T., Teri M., \u00ab\u00a0Gender-linked differences in human skin\u00a0\u00bb, <em>J. Derm. Sci.\u00a0<\/em>; 2009, 55, p. 144-149.<\/p><p><a href=\"#_ftnref5\" name=\"_ftn5\">[5]<\/a> Martini M.-C., <em>Cosm\u00e9tologie Masculine<\/em>, Paris, Lavoisier, 2009.<\/p><p><a href=\"#_ftnref6\" name=\"_ftn6\">[6]<\/a> Mizukoshi K., Akamatsu H., \u00ab\u00a0The investigation of the skin charcteristics of males focusing on gender differences, skin perception, and skin care habits\u00a0\u00bb, art. cit.<\/p><p><a href=\"#_ftnref7\" name=\"_ftn7\">[7]<\/a> Tidman M. J., Eady R. A. J., \u00ab\u00a0Ultrastructural morphometry of normal human dermal-epidermal junction. The influence of age, sex, and body region on laminar and nonlaminar components \u00bb, <em>J. invest. Dermatol.,<\/em> 1984, 83, p.448-453<\/p><p><a href=\"#_ftnref8\" name=\"_ftn8\">[8]<\/a> Shuster S, Black MM, McVitie E. The influence of age and sex on skin thickness, skin collagen and density. Br J Dermatol. 1975 Dec;93(6):639-43.<\/p><p><a href=\"#_ftnref9\" name=\"_ftn9\">[9]<\/a> Diridollou S, Black D, Lagarde JM, Gall Y, Berson M, Vabre V, Patat F, Vaillant L. Sex- and site-dependent variations in the thickness and mechanical properties of human skin in vivo. Int J Cosmet Sci. 2000 Dec;22(6):421-35.<\/p><p><a href=\"#_ftnref10\" name=\"_ftn10\">[10]<\/a> Elsner P. Overview and trends in male grooming. Br J Dermatol. 2012 Mar;166 Suppl 1:2-5.\u00a0<\/p><p><a href=\"#_ftnref11\" name=\"_ftn11\">[11]<\/a> Wilke K, Martin A, Terstegen L, Biel SS. A short history of sweat gland biology. Int J Cosmet Sci. 2007 Jun;29(3):169-79.<\/p><p><a href=\"#_ftnref12\" name=\"_ftn12\">[12]<\/a> Martini M.-C, <em>Cosm\u00e9tologie masculine, op. cit<\/em> &#8211; Cohen-Letessier A., Bombal C., \u00ab\u00a0Dermocosm\u00e9tologie de l&rsquo;homme. Cosm\u00e9tologie et dermatologie esth\u00e9tique\u00a0\u00bb, art. cit.<\/p><p><a href=\"#_ftnref13\" name=\"_ftn13\">[13]<\/a> Martini M.-C., <em>Cosm\u00e9tologie masculine, op.cit.<\/em><\/p><p><a href=\"#_ftnref14\" name=\"_ftn14\">[14]<\/a> Kim BY, Choi JW, Park KC, Youn SW. Sebum, acne, skin elasticity, and gender difference &#8211; which is the major influencing factor for facial pores? Skin Res Technol. 2013 Feb;19(1): e45-53.<\/p>\t\t\t\t\t\t\t\t<\/div>\n\t\t\t\t<\/div>\n\t\t\t\t\t<\/div>\n\t\t<\/div>\n\t\t\t\t\t<\/div>\n\t\t<\/section>\n\t\t\t\t<\/div>\n\t\t","protected":false},"excerpt":{"rendered":"<p>BEAUT\u00c9 DE LA PEAU ET SOINS AU MASCULIN. \u00a0 \u00a0 \u00a0 \u00a0 \u00a0 \u00a0 \u00a0 \u00a0 \u00a0 \u00a0 \u00a0 \u00a0\u00a0DR MICH\u00c8LE VERSCHOORE, MARINE VIALLANEIX.\u00a0 \u00a0 \u00a0 \u00a0 \u00a0 \u00a0 \u00a0 \u00a0 \u00a0 \u00a0 \u00a0 \u00a0 \u00a0 \u00a0 \u00a0 \u00a0 Directeur M\u00e9dical, Recherche et Innovation L\u2019Or\u00e9al\u00a0 SOMMAIRE Les soins de peau chez l\u2019homme \u00e0 travers les [&hellip;]<\/p>\n","protected":false},"author":2,"featured_media":0,"parent":0,"menu_order":0,"comment_status":"closed","ping_status":"closed","template":"","meta":{"_acf_changed":false,"footnotes":""},"class_list":["post-6072","page","type-page","status-publish","hentry"],"acf":[],"yoast_head":"<!-- This site is optimized with the Yoast SEO plugin v27.5 - https:\/\/yoast.com\/product\/yoast-seo-wordpress\/ -->\n<title>LM 2. TOUT CE QUE VOUS VOULEZ SAVOIR:  M.VERSCHOORE MD, BEAUT\u00c9 DE LA PEAU ET SOINS AU MASCULIN - Revue fran\u00e7aise N\u00b01 pour la recherche en sant\u00e9 esth\u00e9tique<\/title>\n<meta name=\"robots\" content=\"index, follow, max-snippet:-1, max-image-preview:large, max-video-preview:-1\" \/>\n<link rel=\"canonical\" href=\"https:\/\/looketmedecine.fr\/en\/wp-json\/wp\/v2\/pages\/6072\" \/>\n<meta property=\"og:locale\" content=\"en_US\" \/>\n<meta property=\"og:type\" content=\"article\" \/>\n<meta property=\"og:title\" content=\"LM 2. TOUT CE QUE VOUS VOULEZ SAVOIR:  M.VERSCHOORE MD, BEAUT\u00c9 DE LA PEAU ET SOINS AU MASCULIN - Revue fran\u00e7aise N\u00b01 pour la recherche en sant\u00e9 esth\u00e9tique\" \/>\n<meta property=\"og:description\" content=\"BEAUT\u00c9 DE LA PEAU ET SOINS AU MASCULIN. \u00a0 \u00a0 \u00a0 \u00a0 \u00a0 \u00a0 \u00a0 \u00a0 \u00a0 \u00a0 \u00a0 \u00a0\u00a0DR MICH\u00c8LE VERSCHOORE, MARINE VIALLANEIX.\u00a0 \u00a0 \u00a0 \u00a0 \u00a0 \u00a0 \u00a0 \u00a0 \u00a0 \u00a0 \u00a0 \u00a0 \u00a0 \u00a0 \u00a0 \u00a0 Directeur M\u00e9dical, Recherche et Innovation L\u2019Or\u00e9al\u00a0 SOMMAIRE Les soins de peau chez l\u2019homme \u00e0 travers les [&hellip;]\" \/>\n<meta property=\"og:url\" content=\"https:\/\/looketmedecine.fr\/en\/lm-2-tout-ce-que-vous-voulez-savoir-m-verschoore-md-beaute-de-la-peau-et-soins-au-masculin\/\" \/>\n<meta property=\"og:site_name\" content=\"Revue fran\u00e7aise N\u00b01 pour la recherche en sant\u00e9 esth\u00e9tique\" \/>\n<meta property=\"article:publisher\" content=\"https:\/\/www.facebook.com\/looketmedecine.magazine\/\" \/>\n<meta property=\"article:modified_time\" content=\"2021-11-20T15:32:54+00:00\" \/>\n<meta property=\"og:image\" content=\"https:\/\/looketmedecine.fr\/wp-content\/uploads\/2020\/10\/Photo-MVerschoore-1-150x150.jpg\" \/>\n<meta name=\"twitter:card\" content=\"summary_large_image\" \/>\n<meta name=\"twitter:label1\" content=\"Est. reading time\" \/>\n\t<meta name=\"twitter:data1\" content=\"9 minutes\" \/>\n<script type=\"application\/ld+json\" class=\"yoast-schema-graph\">{\"@context\":\"https:\\\/\\\/schema.org\",\"@graph\":[{\"@type\":\"WebPage\",\"@id\":\"https:\\\/\\\/looketmedecine.fr\\\/en\\\/lm-2-tout-ce-que-vous-voulez-savoir-m-verschoore-md-beaute-de-la-peau-et-soins-au-masculin\\\/\",\"url\":\"https:\\\/\\\/looketmedecine.fr\\\/en\\\/lm-2-tout-ce-que-vous-voulez-savoir-m-verschoore-md-beaute-de-la-peau-et-soins-au-masculin\\\/\",\"name\":\"LM 2. TOUT CE QUE VOUS VOULEZ SAVOIR: M.VERSCHOORE MD, BEAUT\u00c9 DE LA PEAU ET SOINS AU MASCULIN - Revue fran\u00e7aise N\u00b01 pour la recherche en sant\u00e9 esth\u00e9tique\",\"isPartOf\":{\"@id\":\"https:\\\/\\\/looketmedecine.fr\\\/#website\"},\"primaryImageOfPage\":{\"@id\":\"https:\\\/\\\/looketmedecine.fr\\\/en\\\/lm-2-tout-ce-que-vous-voulez-savoir-m-verschoore-md-beaute-de-la-peau-et-soins-au-masculin\\\/#primaryimage\"},\"image\":{\"@id\":\"https:\\\/\\\/looketmedecine.fr\\\/en\\\/lm-2-tout-ce-que-vous-voulez-savoir-m-verschoore-md-beaute-de-la-peau-et-soins-au-masculin\\\/#primaryimage\"},\"thumbnailUrl\":\"https:\\\/\\\/looketmedecine.fr\\\/wp-content\\\/uploads\\\/2020\\\/10\\\/Photo-MVerschoore-1-150x150.jpg\",\"datePublished\":\"2021-11-20T15:13:21+00:00\",\"dateModified\":\"2021-11-20T15:32:54+00:00\",\"breadcrumb\":{\"@id\":\"https:\\\/\\\/looketmedecine.fr\\\/en\\\/lm-2-tout-ce-que-vous-voulez-savoir-m-verschoore-md-beaute-de-la-peau-et-soins-au-masculin\\\/#breadcrumb\"},\"inLanguage\":\"en-US\",\"potentialAction\":[{\"@type\":\"ReadAction\",\"target\":[\"https:\\\/\\\/looketmedecine.fr\\\/en\\\/lm-2-tout-ce-que-vous-voulez-savoir-m-verschoore-md-beaute-de-la-peau-et-soins-au-masculin\\\/\"]}]},{\"@type\":\"ImageObject\",\"inLanguage\":\"en-US\",\"@id\":\"https:\\\/\\\/looketmedecine.fr\\\/en\\\/lm-2-tout-ce-que-vous-voulez-savoir-m-verschoore-md-beaute-de-la-peau-et-soins-au-masculin\\\/#primaryimage\",\"url\":\"https:\\\/\\\/looketmedecine.fr\\\/wp-content\\\/uploads\\\/2020\\\/10\\\/Photo-MVerschoore-1-150x150.jpg\",\"contentUrl\":\"https:\\\/\\\/looketmedecine.fr\\\/wp-content\\\/uploads\\\/2020\\\/10\\\/Photo-MVerschoore-1-150x150.jpg\"},{\"@type\":\"BreadcrumbList\",\"@id\":\"https:\\\/\\\/looketmedecine.fr\\\/en\\\/lm-2-tout-ce-que-vous-voulez-savoir-m-verschoore-md-beaute-de-la-peau-et-soins-au-masculin\\\/#breadcrumb\",\"itemListElement\":[{\"@type\":\"ListItem\",\"position\":1,\"name\":\"Accueil\",\"item\":\"https:\\\/\\\/looketmedecine.fr\\\/\"},{\"@type\":\"ListItem\",\"position\":2,\"name\":\"LM 2. TOUT CE QUE VOUS VOULEZ SAVOIR: M.VERSCHOORE MD, BEAUT\u00c9 DE LA PEAU ET SOINS AU MASCULIN\"}]},{\"@type\":\"WebSite\",\"@id\":\"https:\\\/\\\/looketmedecine.fr\\\/#website\",\"url\":\"https:\\\/\\\/looketmedecine.fr\\\/\",\"name\":\"Revue fran\u00e7aise N\u00b01 pour la recherche en sant\u00e9 esth\u00e9tique\",\"description\":\"La sant\u00e9 esth\u00e9tique fond\u00e9e sur des preuves scientifiques\",\"publisher\":{\"@id\":\"https:\\\/\\\/looketmedecine.fr\\\/#organization\"},\"potentialAction\":[{\"@type\":\"SearchAction\",\"target\":{\"@type\":\"EntryPoint\",\"urlTemplate\":\"https:\\\/\\\/looketmedecine.fr\\\/?s={search_term_string}\"},\"query-input\":{\"@type\":\"PropertyValueSpecification\",\"valueRequired\":true,\"valueName\":\"search_term_string\"}}],\"inLanguage\":\"en-US\"},{\"@type\":\"Organization\",\"@id\":\"https:\\\/\\\/looketmedecine.fr\\\/#organization\",\"name\":\"Looketmedecine\",\"url\":\"https:\\\/\\\/looketmedecine.fr\\\/\",\"logo\":{\"@type\":\"ImageObject\",\"inLanguage\":\"en-US\",\"@id\":\"https:\\\/\\\/looketmedecine.fr\\\/#\\\/schema\\\/logo\\\/image\\\/\",\"url\":\"https:\\\/\\\/looketmedecine.fr\\\/wp-content\\\/uploads\\\/2020\\\/11\\\/cropped-LookMedecine_Logo_Textuel_Noir.png\",\"contentUrl\":\"https:\\\/\\\/looketmedecine.fr\\\/wp-content\\\/uploads\\\/2020\\\/11\\\/cropped-LookMedecine_Logo_Textuel_Noir.png\",\"width\":1500,\"height\":145,\"caption\":\"Looketmedecine\"},\"image\":{\"@id\":\"https:\\\/\\\/looketmedecine.fr\\\/#\\\/schema\\\/logo\\\/image\\\/\"},\"sameAs\":[\"https:\\\/\\\/www.facebook.com\\\/looketmedecine.magazine\\\/\",\"https:\\\/\\\/www.instagram.com\\\/looketmedecine\\\/?hl=fr\"]}]}<\/script>\n<!-- \/ Yoast SEO plugin. -->","yoast_head_json":{"title":"LM 2. EVERYTHING YOU WANT TO KNOW: M.VERSCHOORE MD, BEAUT\u00c9 DE LA PEAU ET SOINS AU MASCULIN - French magazine No. 1 for aesthetic health research","robots":{"index":"index","follow":"follow","max-snippet":"max-snippet:-1","max-image-preview":"max-image-preview:large","max-video-preview":"max-video-preview:-1"},"canonical":"https:\/\/looketmedecine.fr\/en\/wp-json\/wp\/v2\/pages\/6072","og_locale":"en_US","og_type":"article","og_title":"LM 2. TOUT CE QUE VOUS VOULEZ SAVOIR:  M.VERSCHOORE MD, BEAUT\u00c9 DE LA PEAU ET SOINS AU MASCULIN - Revue fran\u00e7aise N\u00b01 pour la recherche en sant\u00e9 esth\u00e9tique","og_description":"BEAUT\u00c9 DE LA PEAU ET SOINS AU MASCULIN. \u00a0 \u00a0 \u00a0 \u00a0 \u00a0 \u00a0 \u00a0 \u00a0 \u00a0 \u00a0 \u00a0 \u00a0\u00a0DR MICH\u00c8LE VERSCHOORE, MARINE VIALLANEIX.\u00a0 \u00a0 \u00a0 \u00a0 \u00a0 \u00a0 \u00a0 \u00a0 \u00a0 \u00a0 \u00a0 \u00a0 \u00a0 \u00a0 \u00a0 \u00a0 Directeur M\u00e9dical, Recherche et Innovation L\u2019Or\u00e9al\u00a0 SOMMAIRE Les soins de peau chez l\u2019homme \u00e0 travers les [&hellip;]","og_url":"https:\/\/looketmedecine.fr\/en\/lm-2-tout-ce-que-vous-voulez-savoir-m-verschoore-md-beaute-de-la-peau-et-soins-au-masculin\/","og_site_name":"Revue fran\u00e7aise N\u00b01 pour la recherche en sant\u00e9 esth\u00e9tique","article_publisher":"https:\/\/www.facebook.com\/looketmedecine.magazine\/","article_modified_time":"2021-11-20T15:32:54+00:00","og_image":[{"url":"https:\/\/looketmedecine.fr\/wp-content\/uploads\/2020\/10\/Photo-MVerschoore-1-150x150.jpg","type":"","width":"","height":""}],"twitter_card":"summary_large_image","twitter_misc":{"Est. reading time":"9 minutes"},"schema":{"@context":"https:\/\/schema.org","@graph":[{"@type":"WebPage","@id":"https:\/\/looketmedecine.fr\/en\/lm-2-tout-ce-que-vous-voulez-savoir-m-verschoore-md-beaute-de-la-peau-et-soins-au-masculin\/","url":"https:\/\/looketmedecine.fr\/en\/lm-2-tout-ce-que-vous-voulez-savoir-m-verschoore-md-beaute-de-la-peau-et-soins-au-masculin\/","name":"LM 2. EVERYTHING YOU WANT TO KNOW: M.VERSCHOORE MD, BEAUT\u00c9 DE LA PEAU ET SOINS AU MASCULIN - French magazine N\u00b01 for aesthetic health research","isPartOf":{"@id":"https:\/\/looketmedecine.fr\/#website"},"primaryImageOfPage":{"@id":"https:\/\/looketmedecine.fr\/en\/lm-2-tout-ce-que-vous-voulez-savoir-m-verschoore-md-beaute-de-la-peau-et-soins-au-masculin\/#primaryimage"},"image":{"@id":"https:\/\/looketmedecine.fr\/en\/lm-2-tout-ce-que-vous-voulez-savoir-m-verschoore-md-beaute-de-la-peau-et-soins-au-masculin\/#primaryimage"},"thumbnailUrl":"https:\/\/looketmedecine.fr\/wp-content\/uploads\/2020\/10\/Photo-MVerschoore-1-150x150.jpg","datePublished":"2021-11-20T15:13:21+00:00","dateModified":"2021-11-20T15:32:54+00:00","breadcrumb":{"@id":"https:\/\/looketmedecine.fr\/en\/lm-2-tout-ce-que-vous-voulez-savoir-m-verschoore-md-beaute-de-la-peau-et-soins-au-masculin\/#breadcrumb"},"inLanguage":"en-US","potentialAction":[{"@type":"ReadAction","target":["https:\/\/looketmedecine.fr\/en\/lm-2-tout-ce-que-vous-voulez-savoir-m-verschoore-md-beaute-de-la-peau-et-soins-au-masculin\/"]}]},{"@type":"ImageObject","inLanguage":"en-US","@id":"https:\/\/looketmedecine.fr\/en\/lm-2-tout-ce-que-vous-voulez-savoir-m-verschoore-md-beaute-de-la-peau-et-soins-au-masculin\/#primaryimage","url":"https:\/\/looketmedecine.fr\/wp-content\/uploads\/2020\/10\/Photo-MVerschoore-1-150x150.jpg","contentUrl":"https:\/\/looketmedecine.fr\/wp-content\/uploads\/2020\/10\/Photo-MVerschoore-1-150x150.jpg"},{"@type":"BreadcrumbList","@id":"https:\/\/looketmedecine.fr\/en\/lm-2-tout-ce-que-vous-voulez-savoir-m-verschoore-md-beaute-de-la-peau-et-soins-au-masculin\/#breadcrumb","itemListElement":[{"@type":"ListItem","position":1,"name":"Accueil","item":"https:\/\/looketmedecine.fr\/"},{"@type":"ListItem","position":2,"name":"LM 2. TOUT CE QUE VOUS VOULEZ SAVOIR: M.VERSCHOORE MD, BEAUT\u00c9 DE LA PEAU ET SOINS AU MASCULIN"}]},{"@type":"WebSite","@id":"https:\/\/looketmedecine.fr\/#website","url":"https:\/\/looketmedecine.fr\/","name":"N\u00b01 French magazine for research in aesthetic health","description":"Aesthetic health based on scientific evidence","publisher":{"@id":"https:\/\/looketmedecine.fr\/#organization"},"potentialAction":[{"@type":"SearchAction","target":{"@type":"EntryPoint","urlTemplate":"https:\/\/looketmedecine.fr\/?s={search_term_string}"},"query-input":{"@type":"PropertyValueSpecification","valueRequired":true,"valueName":"search_term_string"}}],"inLanguage":"en-US"},{"@type":"Organization","@id":"https:\/\/looketmedecine.fr\/#organization","name":"Looketmedicine","url":"https:\/\/looketmedecine.fr\/","logo":{"@type":"ImageObject","inLanguage":"en-US","@id":"https:\/\/looketmedecine.fr\/#\/schema\/logo\/image\/","url":"https:\/\/looketmedecine.fr\/wp-content\/uploads\/2020\/11\/cropped-LookMedecine_Logo_Textuel_Noir.png","contentUrl":"https:\/\/looketmedecine.fr\/wp-content\/uploads\/2020\/11\/cropped-LookMedecine_Logo_Textuel_Noir.png","width":1500,"height":145,"caption":"Looketmedecine"},"image":{"@id":"https:\/\/looketmedecine.fr\/#\/schema\/logo\/image\/"},"sameAs":["https:\/\/www.facebook.com\/looketmedecine.magazine\/","https:\/\/www.instagram.com\/looketmedecine\/?hl=fr"]}]}},"_links":{"self":[{"href":"https:\/\/looketmedecine.fr\/en\/wp-json\/wp\/v2\/pages\/6072","targetHints":{"allow":["GET"]}}],"collection":[{"href":"https:\/\/looketmedecine.fr\/en\/wp-json\/wp\/v2\/pages"}],"about":[{"href":"https:\/\/looketmedecine.fr\/en\/wp-json\/wp\/v2\/types\/page"}],"author":[{"embeddable":true,"href":"https:\/\/looketmedecine.fr\/en\/wp-json\/wp\/v2\/users\/2"}],"replies":[{"embeddable":true,"href":"https:\/\/looketmedecine.fr\/en\/wp-json\/wp\/v2\/comments?post=6072"}],"version-history":[{"count":28,"href":"https:\/\/looketmedecine.fr\/en\/wp-json\/wp\/v2\/pages\/6072\/revisions"}],"predecessor-version":[{"id":6110,"href":"https:\/\/looketmedecine.fr\/en\/wp-json\/wp\/v2\/pages\/6072\/revisions\/6110"}],"wp:attachment":[{"href":"https:\/\/looketmedecine.fr\/en\/wp-json\/wp\/v2\/media?parent=6072"}],"curies":[{"name":"wp","href":"https:\/\/api.w.org\/{rel}","templated":true}]}}